{"id":71,"date":"2016-10-30T11:22:20","date_gmt":"2016-10-30T10:22:20","guid":{"rendered":"http:\/\/www.saint-amand-noyal-chatillon.fr\/?page_id=71"},"modified":"2026-08-31T19:34:56","modified_gmt":"2026-08-31T17:34:56","slug":"page-daccueil","status":"publish","type":"page","link":"https:\/\/www.saint-amand-noyal-chatillon.fr\/","title":{"rendered":""},"content":{"rendered":"\n<h1 class=\"wp-block-heading has-text-align-center\"><span style=\"color: #eb238a;\"><strong>Bienvenue sur le site de l&rsquo;\u00e9cole Saint-Amand <\/strong><\/span><span style=\"color: #eb238a;\"><strong>\u00e0 Noyal-Ch\u00e2tillon-sur-Seiche<\/strong><\/span><\/h1>\n\n\n\n<p class=\"has-text-align-center wp-block-paragraph\">Vous retrouverez sur notre site toutes les informations sur la vie de l&rsquo;\u00e9cole (inscription, tarifications, horaires, \u00e9v\u00e9nements,&#8230;)<\/p>\n\n\n\n<hr class=\"wp-block-separator has-alpha-channel-opacity\"\/>\n\n\n\n<p style=\"text-align: center;\"><span style=\"color: #339966;\"><strong>Demain, mardi 01 Septembre 2026, c&rsquo;est la rentr\u00e9e des classes! <\/strong><\/span><\/p>\n<p style=\"text-align: center;\"><span style=\"color: #339966;\"><strong>Bonne rentr\u00e9e \u00e0 toutes et tous.&nbsp;<\/strong><\/span><\/p>\n\n\n\n<div class=\"wp-block-media-text is-stacked-on-mobile\" style=\"grid-template-columns:19% auto\"><figure class=\"wp-block-media-text__media\"><img loading=\"lazy\" decoding=\"async\" width=\"192\" height=\"274\" src=\"https:\/\/www.saint-amand-noyal-chatillon.fr\/wp-content\/uploads\/TRAILDESFERMES.jpg\" alt=\"\" class=\"wp-image-2442 size-full\"\/><\/figure><div class=\"wp-block-media-text__content\">\n<p class=\"wp-block-paragraph\">&nbsp;Nous organisons le TRAIL DES FERMES le DIMANCHE 20 Septembre sur le site de la<a href=\"https:\/\/lafermedespresverts.fr\/\" data-type=\"link\" data-id=\"https:\/\/lafermedespresverts.fr\/\" target=\"_blank\" rel=\"noreferrer noopener\"> ferme des pr\u00e9s verts<\/a>. Les inscriptions sont ouvertes sur <a href=\"https:\/\/www.klikego.com\/inscription\/trail-des-fermes-2026\/course-a-pied-running\/1769590333622-1\" data-type=\"link\" data-id=\"https:\/\/www.klikego.com\/inscription\/trail-des-fermes-2026\/course-a-pied-running\/1769590333622-1\" target=\"_blank\" rel=\"noreferrer noopener\">KLIKEGO<\/a>. Plus d&rsquo;informations sur <a href=\"https:\/\/www.traildesfermes.bzh\/\" data-type=\"link\" data-id=\"https:\/\/www.traildesfermes.bzh\/\">https:\/\/www.traildesfermes.bzh\/<\/a>   ou <a href=\"https:\/\/www.saint-amand-noyal-chatillon.fr\/?page_id=2455\" data-type=\"page\" data-id=\"2455\" target=\"_blank\" rel=\"noreferrer noopener\">Trail des fermes<\/a><\/p>\n<\/div><\/div>\n\n\n\n<p class=\"wp-block-paragraph\"><\/p>\n\n\n\n\n\n<hr>\n<p>&nbsp;<\/p>\n\n\n\n<h1 class=\"wp-block-heading has-text-align-center\"><strong>Notre \u00e9cole en vid\u00e9o:<\/strong><\/h1>\n\n\n\n<figure class=\"wp-block-video\"><video controls src=\"https:\/\/www.saint-amand-noyal-chatillon.fr\/wp-content\/uploads\/EcoleStAmandPortesOuvertes2021website.mp4\"><\/video><\/figure>\n\n\n\n<p class=\"wp-block-paragraph\">&nbsp;<\/p>\n\n\n<div class=\"wp-block-image\">\n<figure class=\"aligncenter\"><img decoding=\"async\" src=\"https:\/\/ecolestjbaptisterx.fr\/wp-content\/uploads\/2016\/12\/inscriptions.png\" alt=\"Modalit\u00e9s d'inscription - Ecole Saint Jean-Baptiste\"\/><\/figure>\n<\/div>\n\n\n<p class=\"wp-block-paragraph\"><\/p>\n\n\n\n<h2 class=\"wp-block-heading has-text-align-center\"><strong>Pour toute demande d&rsquo;inscription: <\/strong><\/h2>\n\n\n\n<h2 class=\"wp-block-heading has-text-align-center\"><strong><a href=\"https:\/\/www.noefil.fr\/inscription?portail=QjE1OQ\">https:\/\/www.saint-amand-noyal-chatillon.fr\/index.php\/tarifs-ecole\/<\/a><\/strong><\/h2>\n\n\n\n<h2 class=\"wp-block-heading has-text-align-center\">N\u2019h\u00e9sitez pas \u00e0 contacter Mme DAVENEL, la cheffe d\u2019\u00e9tablissement, &nbsp;au 02 99 52 36 96 ou par courriel : <a href=\"mailto:eco35.st-amand.noyal-chatillon@enseignement-catholique.bzh\">eco35.st-amand.noyal-chatillon@enseignement-catholique.bzh<\/a><\/h2>\n\n\n\n<p class=\"wp-block-paragraph\">&nbsp;<\/p>\n\n\n\n<h2 class=\"wp-block-heading has-text-align-center\">&nbsp;<\/h2>\n\n\n\n<h2 class=\"wp-block-heading has-text-align-center\"><strong>A bient\u00f4t dans notre \u00e9tablissement,<\/strong><\/h2>\n\n\n\n<hr class=\"wp-block-separator has-alpha-channel-opacity\"\/>\n\n\n\n<p class=\"has-text-align-center wp-block-paragraph\">&nbsp;<\/p>\n\n\n\n\n\n<figure class=\"wp-block-gallery aligncenter has-nested-images columns-default is-cropped wp-block-gallery-1 is-layout-flex wp-block-gallery-is-layout-flex\"><\/figure>\n\n\n\n\n\n<hr class=\"wp-block-separator has-css-opacity\"\/>\n\n\n\n<p class=\"wp-block-paragraph\"><\/p>\n","protected":false},"excerpt":{"rendered":"<p>Bienvenue sur le site de l&rsquo;\u00e9cole Saint-Amand \u00e0 Noyal-Ch\u00e2tillon-sur-Seiche Vous retrouverez sur notre site toutes les informations sur la vie de l&rsquo;\u00e9cole (inscription, tarifications, horaires, \u00e9v\u00e9nements,&#8230;) Demain, mardi 01 Septembre 2026, c&rsquo;est la rentr\u00e9e des classes! Bonne rentr\u00e9e \u00e0 toutes &hellip; <a href=\"https:\/\/www.saint-amand-noyal-chatillon.fr\/\">Continuer la lecture <span class=\"meta-nav\">&rarr;<\/span><\/a><\/p>\n","protected":false},"author":1,"featured_media":0,"parent":0,"menu_order":0,"comment_status":"closed","ping_status":"closed","template":"","meta":{"ngg_post_thumbnail":0,"footnotes":""},"class_list":["post-71","page","type-page","status-publish","hentry"],"_links":{"self":[{"href":"https:\/\/www.saint-amand-noyal-chatillon.fr\/index.php\/wp-json\/wp\/v2\/pages\/71","targetHints":{"allow":["GET"]}}],"collection":[{"href":"https:\/\/www.saint-amand-noyal-chatillon.fr\/index.php\/wp-json\/wp\/v2\/pages"}],"about":[{"href":"https:\/\/www.saint-amand-noyal-chatillon.fr\/index.php\/wp-json\/wp\/v2\/types\/page"}],"author":[{"embeddable":true,"href":"https:\/\/www.saint-amand-noyal-chatillon.fr\/index.php\/wp-json\/wp\/v2\/users\/1"}],"replies":[{"embeddable":true,"href":"https:\/\/www.saint-amand-noyal-chatillon.fr\/index.php\/wp-json\/wp\/v2\/comments?post=71"}],"version-history":[{"count":170,"href":"https:\/\/www.saint-amand-noyal-chatillon.fr\/index.php\/wp-json\/wp\/v2\/pages\/71\/revisions"}],"predecessor-version":[{"id":2463,"href":"https:\/\/www.saint-amand-noyal-chatillon.fr\/index.php\/wp-json\/wp\/v2\/pages\/71\/revisions\/2463"}],"wp:attachment":[{"href":"https:\/\/www.saint-amand-noyal-chatillon.fr\/index.php\/wp-json\/wp\/v2\/media?parent=71"}],"curies":[{"name":"wp","href":"https:\/\/api.w.org\/{rel}","templated":true}]}}