{"id":210,"date":"2016-12-06T21:12:22","date_gmt":"2016-12-06T20:12:22","guid":{"rendered":"http:\/\/www.saint-amand-noyal-chatillon.fr\/?page_id=210"},"modified":"2025-10-10T21:55:23","modified_gmt":"2025-10-10T19:55:23","slug":"notre-histoire","status":"publish","type":"page","link":"https:\/\/www.saint-amand-noyal-chatillon.fr\/index.php\/notre-histoire\/","title":{"rendered":"L&rsquo;Histoire de l&rsquo;\u00e9cole"},"content":{"rendered":"<p>&nbsp;<\/p>\n<h3><em><strong>Fondation<\/strong><\/em><\/h3>\n<p><strong>1901&nbsp;&nbsp; <\/strong>L\u2019\u00e9cole chr\u00e9tienne de filles est fond\u00e9e \u00e0 Noyal s\/seiche.<\/p>\n<p>&nbsp;<\/p>\n<h3><em><strong>Evolution de la vie de l\u2019\u00e9cole<\/strong><\/em><\/h3>\n<p><strong>1912&nbsp;&nbsp; <\/strong>Les 22 \u00e9l\u00e8ves de l\u2019\u00e9cole libre de Ch\u00e2tillon s\/seiche s\u2019adjoignent aux enfants de Noyal.<\/p>\n<p>Les deux bourgs jumeaux s\u2019associent&nbsp;: Noyal a les filles et Ch\u00e2tillon construit une autre \u00e9cole pour les gar\u00e7ons.<\/p>\n<p><strong>1942&nbsp;&nbsp; <\/strong>Les deux \u00e9coles deviennent la propri\u00e9t\u00e9 de l\u2019association immobili\u00e8re dioc\u00e9saine.<\/p>\n<p><strong>1989&nbsp;&nbsp; <\/strong>L\u2019\u00e9cole de Ch\u00e2tillon est vendue \u00e0 la mairie de Ch\u00e2tillon qui la consacre \u00e0 usage social et culturel.<\/p>\n<p><strong>1991&nbsp;&nbsp; <\/strong>Inauguration officielle de l\u2019\u00e9cole avec une maternelle neuve (classe, salle de jeux et salle de repos, cour am\u00e9nag\u00e9e) et modernisation du b\u00e2timent primaire.<\/p>\n<p>L\u2019\u00e9cole compte alors 105 \u00e9l\u00e8ves et 4 classes.<\/p>\n<p><strong>1992&nbsp;&nbsp; <\/strong>Ouverture d\u2019une cinqui\u00e8me classe et obtention du contrat d\u2019association.<\/p>\n<p><strong>1995&nbsp; &nbsp;<\/strong>Ouverture d\u2019une sixi\u00e8me classe.<\/p>\n<p><strong>1998&nbsp;&nbsp; <\/strong>Bapt\u00eame de l\u2019\u00e9cole St-Amand.<\/p>\n<p>&nbsp;<\/p>\n<h3><em><strong>Evolution de la vie de l\u2019\u00e9cole<\/strong><\/em><\/h3>\n<p>Depuis 1995&nbsp;: 6 classes,<\/p>\n<p>soit 2 classes \u00ab&nbsp;maternelle&nbsp;\u00bb accueillant les PS1, PS2, MS et GS<\/p>\n<p>et 4 classes \u00ab&nbsp;\u00e9l\u00e9mentaire&nbsp;\u00bb accueillant les GS, CP, CE1, CE2, CM1 et CM2.<\/p>\n<p>Les effectifs augmentent r\u00e9guli\u00e8rement depuis quelques ann\u00e9es. Bien que nous enregistrions quelques d\u00e9parts chaque ann\u00e9e en lien avec des d\u00e9m\u00e9nagements sur d\u2019autres communes, nous inscrivons aussi beaucoup de nouveaux \u00e9l\u00e8ves (des emm\u00e9nagements et quelques \u00e9l\u00e8ves en provenance de l\u2019\u00e9cole publique).<\/p>\n<p>Certaines familles d\u00e9m\u00e9nagent \u00e0 cause du co\u00fbt du terrain et du manque de logements adapt\u00e9s. Cependant, de nouveaux logements voient leur apparition depuis 2 ans, d\u2019autres sont en cours de construction.<\/p>\n<p>Les effectifs actuels sont de 161 \u00e9l\u00e8ves au total, soit une moyenne de 27 \u00e9l\u00e8ves par classe.<\/p>\n<p><strong>Rentr\u00e9e 2011<\/strong>&nbsp;: ouverture de la 7<sup>\u00e8me<\/sup> classe.<\/p>\n<p><strong>Juin 2012<\/strong>&nbsp;: F\u00eate des 111 ans de l\u2019\u00e9cole Saint AMAND le 10&nbsp; juin 2012.<\/p>\n<p><strong>Rentr\u00e9e 2013<\/strong>&nbsp;: 177 \u00e9l\u00e8ves inscrits le jour de la rentr\u00e9e. Projet important pour une extension et une r\u00e9novation de l\u2019\u00e9cole. Projet de rentr\u00e9e dans la nouvelle \u00e9cole pour la rentr\u00e9e 2016.<\/p>\n<p><strong>Mars 2015<\/strong>&nbsp;: d\u00e9m\u00e9nagement des classes du CP au CM2 sur le site primaire. Utilisation du p\u00f4le enfance pour les temps de d\u00e9cloisonnement et de garderie du matin et du soir. L\u2019\u00e9tude a lieu sur le site primaire.<\/p>\n<p><strong>Avril 2015<\/strong>&nbsp;: d\u00e9m\u00e9nagement de la classe de MS et de la partie administrative, ainsi que les salles des ma\u00eetres, fournitures\u2026<\/p>\n<p><strong>Mai 2015<\/strong>&nbsp;: d\u00e9but des travaux d\u2019agrandissement et de r\u00e9novation de l\u2019\u00e9cole Saint AMAND.<\/p>\n<p><strong>Septembre 2015<\/strong>&nbsp;: rentr\u00e9e avec 170 \u00e9l\u00e8ves. Il y a 10 enseignants et 8 membres du personnel. Ce qui fait une \u00e9quipe \u00e9ducative compos\u00e9e de 18 membres.<\/p>\n<p><strong>Septembre 2016<\/strong>&nbsp;: rentr\u00e9e avec 177 \u00e9l\u00e8ves. Il y a 8 enseignants et 8 membres du personnel. Equipe \u00e9ducative compos\u00e9e de 16&nbsp; membres.<\/p>\n<p><strong>Novembre 2016<\/strong>&nbsp;: rentr\u00e9e dans les nouveaux locaux. L\u2019\u00e9cole a doubl\u00e9 sa surface 1&nbsp;200 m2. Inauguration r\u00e9alis\u00e9e le 25 mars 2017.<\/p>\n<p><strong>Septembre 2018<\/strong>&nbsp;: ouverture de la 8<sup>\u00e8me<\/sup> classe avec 199 \u00e9l\u00e8ves inscrits le jour de la rentr\u00e9e.<\/p>\n<p><strong>Septembre 2019<\/strong>&nbsp;: Nous accueillons 211 \u00e9l\u00e8ves. Les 3 classes du CP au CE2 ont \u00e9t\u00e9 \u00e9quip\u00e9es en vid\u00e9o projecteurs et tableaux interactifs.<\/p>\n<p><strong>Septembre 2020&nbsp;<\/strong>: Nous accueillons 206 \u00e9l\u00e8ves inscrits. Une nouvelle structure de jeux a \u00e9t\u00e9 install\u00e9e sur la cour du bas.<\/p>\n<p><strong>Septembre 2024<\/strong>: Nous ouvrons une 9\u00e8me classe pour cette rentr\u00e9e et accueillons 213 \u00e9l\u00e8ves.&nbsp;<\/p>\n<p><strong>Septembre 2025<\/strong>: En cette rentr\u00e9e 2025, stabilisation des effectifs. 215 \u00e9l\u00e8ves sont scolaris\u00e9s \u00e0 l&rsquo;Ecole.<\/p>\n<p>&nbsp;<\/p>\n\n","protected":false},"excerpt":{"rendered":"<p>&nbsp; Fondation 1901&nbsp;&nbsp; L\u2019\u00e9cole chr\u00e9tienne de filles est fond\u00e9e \u00e0 Noyal s\/seiche. &nbsp; Evolution de la vie de l\u2019\u00e9cole 1912&nbsp;&nbsp; Les 22 \u00e9l\u00e8ves de l\u2019\u00e9cole libre de Ch\u00e2tillon s\/seiche s\u2019adjoignent aux enfants de Noyal. Les deux bourgs jumeaux s\u2019associent&nbsp;: Noyal &hellip; <a href=\"https:\/\/www.saint-amand-noyal-chatillon.fr\/index.php\/notre-histoire\/\">Continuer la lecture <span class=\"meta-nav\">&rarr;<\/span><\/a><\/p>\n","protected":false},"author":1,"featured_media":0,"parent":0,"menu_order":0,"comment_status":"closed","ping_status":"closed","template":"","meta":{"ngg_post_thumbnail":0,"footnotes":""},"class_list":["post-210","page","type-page","status-publish","hentry"],"_links":{"self":[{"href":"https:\/\/www.saint-amand-noyal-chatillon.fr\/index.php\/wp-json\/wp\/v2\/pages\/210","targetHints":{"allow":["GET"]}}],"collection":[{"href":"https:\/\/www.saint-amand-noyal-chatillon.fr\/index.php\/wp-json\/wp\/v2\/pages"}],"about":[{"href":"https:\/\/www.saint-amand-noyal-chatillon.fr\/index.php\/wp-json\/wp\/v2\/types\/page"}],"author":[{"embeddable":true,"href":"https:\/\/www.saint-amand-noyal-chatillon.fr\/index.php\/wp-json\/wp\/v2\/users\/1"}],"replies":[{"embeddable":true,"href":"https:\/\/www.saint-amand-noyal-chatillon.fr\/index.php\/wp-json\/wp\/v2\/comments?post=210"}],"version-history":[{"count":11,"href":"https:\/\/www.saint-amand-noyal-chatillon.fr\/index.php\/wp-json\/wp\/v2\/pages\/210\/revisions"}],"predecessor-version":[{"id":2371,"href":"https:\/\/www.saint-amand-noyal-chatillon.fr\/index.php\/wp-json\/wp\/v2\/pages\/210\/revisions\/2371"}],"wp:attachment":[{"href":"https:\/\/www.saint-amand-noyal-chatillon.fr\/index.php\/wp-json\/wp\/v2\/media?parent=210"}],"curies":[{"name":"wp","href":"https:\/\/api.w.org\/{rel}","templated":true}]}}