{"id":1171,"date":"2020-02-19T18:19:50","date_gmt":"2020-02-19T17:19:50","guid":{"rendered":"http:\/\/www.saint-amand-noyal-chatillon.fr\/?page_id=1171"},"modified":"2020-02-28T15:30:56","modified_gmt":"2020-02-28T14:30:56","slug":"groupe-pemps","status":"publish","type":"page","link":"https:\/\/www.saint-amand-noyal-chatillon.fr\/index.php\/groupe-pemps\/","title":{"rendered":"Groupe PEMP&rsquo;S"},"content":{"rendered":"\n<p>Le groupe PEMP\u2019s s\u2019est form\u00e9 en\n2015 dans le but de proposer une soir\u00e9e festive \u00e0 tous habitants des environs\nde Noyal Chatillon sur Seiche et de r\u00e9colter des fonds pour am\u00e9liorer les\nconditions d\u2019accueil des \u00e9l\u00e8ves de l\u2019\u00e9cole Saint Amand (mat\u00e9riel informatique,\njeux ext\u00e9rieurs\u2026).<\/p>\n\n\n\n<p>Le batteur S\u00e9bastien Valentini\npr\u00e9sente l\u2019histoire du groupe&nbsp;et de l\u2019\u00e9v\u00e9nement : \u00ab&nbsp;Nos enfants sont\nquasiment tous dans la m\u00eame classe. C\u2019est dans le cadre des activit\u00e9s avec les enfants\nque Fred et moi avons \u00e9t\u00e9 amen\u00e9s \u00e0 nous croiser et \u00e0 sympathiser. Au fil des\nrencontres,&nbsp;nous avons tr\u00e8s rapidement \u00e9chang\u00e9 sur nos passions communes\npour la musique et de nos exp\u00e9riences pass\u00e9es dans des groupes de musique. &nbsp;L\u2019id\u00e9e de recr\u00e9er un groupe a assez vite germ\u00e9\ndans nos t\u00eates et l\u2019organisation d\u2019une soir\u00e9e a \u00e9t\u00e9 l\u2019\u00e9l\u00e9ment d\u00e9clencheur pour\nretrouver nos instruments. Nous avons fait un coup de pub au sein de l\u2019\u00e9cole,\net le groupe s\u2019est tr\u00e8s vite form\u00e9.&nbsp;<\/p>\n\n\n\n<p>Nous avons la chance de pouvoir\nnous retrouver depuis nos 1\u00e8res r\u00e9p\u00e9titions (en 2015) dans le local de\nl\u2019association \u00ab&nbsp;Musique Passion&nbsp;\u00bb \u00e0 Noyal-Ch\u00e2tillon-sur-Seiche. D\u00e8s\nla 1<sup>\u00e8re<\/sup> ann\u00e9e, nous avons fait notre 1<sup>er<\/sup> concert. Nous\navons eu beaucoup de retours positifs et cela nous a motiv\u00e9s pour poursuivre. En\n2018, nous avons choisi notre nom de groupe, PEMP\u2019s (inspir\u00e9 du chiffre 5 en\nbreton). <\/p>\n\n\n\n<p>Notre groupe est compos\u00e9\naujourd\u2019hui de quatre papas&nbsp;: Fr\u00e9d\u00e9ric (chanteur et bassiste), S\u00e9bastien\n(batteur), Micka\u00ebl et Erwan (guitaristes) et une maman, Gladys (pianiste). Nous\navons aussi un papa (Johan) qui a d\u00e9j\u00e0 sonoris\u00e9 des festivals et qui nous cr\u00e9\u00e9\nun super son.&nbsp;Notre r\u00e9pertoire est vari\u00e9&nbsp;: de la pop, du rock, des\nsucc\u00e8s des ann\u00e9es 80 \u00e0 nos jours. Notre objectif est de faire passer une bonne\nsoir\u00e9e au plus grand nombre&nbsp;!<\/p>\n\n\n\n<p>Nous avons voulu aussi d\u00e8s le\nd\u00e9part ancrer cette soir\u00e9e \u00e0 Noyal-Ch\u00e2tillon-sur-Seiche. Cela s\u2019est traduit par\nexemple la premi\u00e8re ann\u00e9e par la participation de l\u2019association Eglantine qui a\nfait de belles d\u00e9monstrations de danse am\u00e9ricaine sur notre musique. <\/p>\n\n\n\n<p>Depuis 2018, afin d\u2019am\u00e9liorer\ncette soir\u00e9e nous avons la chance d\u2019accueillir un second groupe en premi\u00e8re\npartie.&nbsp;Nous proposons ainsi presque 3 heures de concert ce qui permet \u00e0\nchacun de profiter pleinement de ce moment. \u00bb<\/p>\n\n\n\n<p>Un groupe de parents s\u2019occupe\n\u00e9galement de pr\u00e9parer un menu complet (hamburger ou nuggets, frites fra\u00eeches,\ndessert et boisson) pour avoir de l\u2019\u00e9nergie toute la soir\u00e9e pour pouvoir\ndanser&nbsp;! Bien s\u00fbr, la buvette est aussi pr\u00e9vue\u2026<\/p>\n\n\n\n<figure class=\"wp-block-image size-large\"><img loading=\"lazy\" decoding=\"async\" width=\"1024\" height=\"681\" src=\"https:\/\/www.saint-amand-noyal-chatillon.fr\/wp-content\/uploads\/PEMPS-1-1024x681.jpg\" alt=\"\" class=\"wp-image-1172\" srcset=\"https:\/\/www.saint-amand-noyal-chatillon.fr\/wp-content\/uploads\/PEMPS-1-1024x681.jpg 1024w, https:\/\/www.saint-amand-noyal-chatillon.fr\/wp-content\/uploads\/PEMPS-1-300x200.jpg 300w, https:\/\/www.saint-amand-noyal-chatillon.fr\/wp-content\/uploads\/PEMPS-1-768x511.jpg 768w, https:\/\/www.saint-amand-noyal-chatillon.fr\/wp-content\/uploads\/PEMPS-1.jpg 1387w\" sizes=\"auto, (max-width: 1024px) 100vw, 1024px\" \/><figcaption><strong>Erwan<\/strong> <em>(guitariste)<\/em> \/ <strong>S\u00e9bastien<\/strong> <em>(Batteur)<\/em> \/ <strong>Gladys<\/strong> <em>(pianiste) <\/em>\/ <strong>Fr\u00e9d\u00e9ric <\/strong><em>(Chanteur et Bassiste) <\/em>\/ <strong>Micka\u00ebl<\/strong> <em>(guitariste)<\/em> <\/figcaption><\/figure>\n\n\n\n<figure class=\"wp-block-video\"><video height=\"1080\" style=\"aspect-ratio: 1920 \/ 1080;\" width=\"1920\" controls src=\"https:\/\/www.saint-amand-noyal-chatillon.fr\/wp-content\/uploads\/PEMPS_21_12_2019_NOEL_Chartes_12_Lilli_voulait_aller_danser_JULIEN_CLERC.mp4\"><\/video><\/figure>\n\n\n\n<figure class=\"wp-block-video\"><video height=\"1080\" style=\"aspect-ratio: 1920 \/ 1080;\" width=\"1920\" controls src=\"https:\/\/www.saint-amand-noyal-chatillon.fr\/wp-content\/uploads\/PEMPS_21_12_2019_NOEL_Chartes_05_Regarde-moi_bien_en_face_GERALD_DE_PALMAS.mp4\"><\/video><\/figure>\n\n\n\n<figure class=\"wp-block-video\"><video height=\"1080\" style=\"aspect-ratio: 1920 \/ 1080;\" width=\"1920\" controls src=\"https:\/\/www.saint-amand-noyal-chatillon.fr\/wp-content\/uploads\/PEMPS_21_12_2019_NOEL_Chartes_01_La_grenade_CLARA_LUCIANI.mp4\"><\/video><\/figure>\n\n\n\n<figure class=\"wp-block-video\"><video height=\"1080\" style=\"aspect-ratio: 1920 \/ 1080;\" width=\"1920\" controls src=\"https:\/\/www.saint-amand-noyal-chatillon.fr\/wp-content\/uploads\/PEMPS_21_12_2019_NOEL_Chartes_08_New_York_avec_toi_TELEPHONE.mp4\"><\/video><\/figure>\n\n\n\n<figure class=\"wp-block-video\"><video height=\"1080\" style=\"aspect-ratio: 1920 \/ 1080;\" width=\"1920\" controls src=\"https:\/\/www.saint-amand-noyal-chatillon.fr\/wp-content\/uploads\/PEMPS_21_12_2019_NOEL_Chartes_10_1987_CALOGERO.mp4\"><\/video><\/figure>\n\n\n\nngg_shortcode_0_placeholder\n","protected":false},"excerpt":{"rendered":"<p>Le groupe PEMP\u2019s s\u2019est form\u00e9 en 2015 dans le but de proposer une soir\u00e9e festive \u00e0 tous habitants des environs de Noyal Chatillon sur Seiche et de r\u00e9colter des fonds pour am\u00e9liorer les conditions d\u2019accueil des \u00e9l\u00e8ves de l\u2019\u00e9cole Saint &hellip; <a href=\"https:\/\/www.saint-amand-noyal-chatillon.fr\/index.php\/groupe-pemps\/\">Continuer la lecture <span class=\"meta-nav\">&rarr;<\/span><\/a><\/p>\n","protected":false},"author":1,"featured_media":0,"parent":0,"menu_order":0,"comment_status":"closed","ping_status":"closed","template":"","meta":{"ngg_post_thumbnail":0,"footnotes":""},"class_list":["post-1171","page","type-page","status-publish","hentry"],"_links":{"self":[{"href":"https:\/\/www.saint-amand-noyal-chatillon.fr\/index.php\/wp-json\/wp\/v2\/pages\/1171","targetHints":{"allow":["GET"]}}],"collection":[{"href":"https:\/\/www.saint-amand-noyal-chatillon.fr\/index.php\/wp-json\/wp\/v2\/pages"}],"about":[{"href":"https:\/\/www.saint-amand-noyal-chatillon.fr\/index.php\/wp-json\/wp\/v2\/types\/page"}],"author":[{"embeddable":true,"href":"https:\/\/www.saint-amand-noyal-chatillon.fr\/index.php\/wp-json\/wp\/v2\/users\/1"}],"replies":[{"embeddable":true,"href":"https:\/\/www.saint-amand-noyal-chatillon.fr\/index.php\/wp-json\/wp\/v2\/comments?post=1171"}],"version-history":[{"count":6,"href":"https:\/\/www.saint-amand-noyal-chatillon.fr\/index.php\/wp-json\/wp\/v2\/pages\/1171\/revisions"}],"predecessor-version":[{"id":1256,"href":"https:\/\/www.saint-amand-noyal-chatillon.fr\/index.php\/wp-json\/wp\/v2\/pages\/1171\/revisions\/1256"}],"wp:attachment":[{"href":"https:\/\/www.saint-amand-noyal-chatillon.fr\/index.php\/wp-json\/wp\/v2\/media?parent=1171"}],"curies":[{"name":"wp","href":"https:\/\/api.w.org\/{rel}","templated":true}]}}